{"id":3934,"date":"2016-06-18T22:13:19","date_gmt":"2016-06-18T20:13:19","guid":{"rendered":"http:\/\/www.santilariosulfarfa.com\/de\/?page_id=3934"},"modified":"2025-12-10T11:06:44","modified_gmt":"2025-12-10T10:06:44","slug":"biologische-zertifiziert-bauernhaus","status":"publish","type":"page","link":"https:\/\/www.santilariosulfarfa.com\/de\/biologische-zertifiziert-bauernhaus\/","title":{"rendered":"Biologische zertifiziert Bauernhaus"},"content":{"rendered":"<div class=\"wpb-content-wrapper\">[vc_row][vc_column width=&#8221;1\/2&#8243;][vc_column_text css=&#8221;&#8221;]\n<p class=\"lead\"><span class=\"s2\">Der Hof <\/span><span class=\"s2\">Sant\u2019Ilario<\/span><span class=\"s2\"> sul <\/span><span class=\"s2\">Farfa<\/span><span class=\"s2\"> ist ein 10 Hektar gro\u00dfes Landgut, das auf einem malerischen H\u00fcgel in 450m H\u00f6he liegt. Alle Geb\u00e4ude des Gasthofs worden sorgf\u00e4ltig restauriert, sodass unsere G\u00e4ste nun in einer eleganten und stilvollen Atmosph\u00e4re wohnen k\u00f6nnen.<\/span><br \/>\nDie biologischen Produkte des Hofs umfassen: Oliven\u00f6l, Wein, Gem\u00fcse, Obst und H\u00fclsenfr\u00fcchte.<\/p>\n<p>Unsere Region, die Sabina, liegt ideal zwischen Rom (nur eine Stunde mit Auto, Bus oder Regionalzug) und Umbrien. Bei uns k\u00f6nnen sie einen erholsamen und gesunden Urlaub verbringen, die sch\u00f6nsten Orte Mittelitaliens entdecken und gleichzeitig dem Trubel der St\u00e4dte entkommen.<\/p>\n<p>Auf unserem Landgut k\u00f6nnen Sie Versammlungen, Symposien, Seminare oder Ferien mit Freunden organisieren.[\/vc_column_text][\/vc_column][vc_column width=&#8221;1\/2&#8243;][vc_gallery images=&#8221;9608,9607,9609,9606&#8243; img_size=&#8221;medium&#8221; columns=&#8221;2&#8243; masonry=&#8221;fitRows&#8221;][\/vc_column][\/vc_row][vc_row full_width=&#8221;stretch_row&#8221; parallax=&#8221;content-moving&#8221; css=&#8221;.vc_custom_1463238858127{background-image: url(http:\/\/www.santilariosulfarfa.com\/wp-content\/uploads\/2016\/05\/bg_Azienda.jpg?id=3429) !important;background-position: center;background-repeat: no-repeat !important;background-size: cover !important;}&#8221; el_class=&#8221;content-padding-mobile-none&#8221;][vc_column width=&#8221;2\/3&#8243; offset=&#8221;vc_col-sm-offset-2&#8243; el_class=&#8221;white-box content-padding-xs&#8221;][vc_images_carousel images=&#8221;9705,9709,9717,10253&#8243; speed=&#8221;4000&#8243; css=&#8221;&#8221;][\/vc_column][\/vc_row][vc_row css=&#8221;.vc_custom_1463239512160{margin-bottom: -150px !important;}&#8221;][vc_column width=&#8221;1\/2&#8243;][vc_gallery images=&#8221;9605,9604,9603,9602&#8243; img_size=&#8221;medium&#8221; columns=&#8221;2&#8243; masonry=&#8221;fitRows&#8221;][\/vc_column][vc_column width=&#8221;1\/2&#8243;][vc_column_text css=&#8221;&#8221;]\n<p class=\"lead\"><span class=\"s2\">Der Hof, der auf die \u201a40er Jahre zur\u00fcckgeht und von der Besitzerin von ihrem Vater \u2013 einem Apotheker mit liebe f\u00fcr Ladwirtschaft- geerbt wurde, liegt in einer \u00e4u\u00dferst <\/span><span class=\"s2\">panoramischen<\/span><span class=\"s2\"> Lage <\/span><span class=\"s2\">mit Blick <\/span><span class=\"s2\">aud<\/span><span class=\"s2\"> das <\/span><span class=\"s2\">Farfa<\/span><span class=\"s2\">-Tal, zwischen den Gemeinden Poggio <\/span><span class=\"s2\">Nativo<\/span><span class=\"s2\"> und <\/span><span class=\"s2\">Castelnuovo<\/span><span class=\"s2\"> di <\/span><span class=\"s2\">Farfa<\/span><span class=\"s2\">, urspr\u00fcnglich Castrum Sancti Donati, einst ein wichtiger befestigter Vorposten und heute Sitz eines ber\u00fchmten Oliven\u00f6lmuseums.<\/span><\/p>\n<p><span class=\"s2\">Der biologische Hof ist haupts\u00e4chlich auf den Olivenbaum spezialisiert, mit etwa 800 B\u00e4umen der Sorten <\/span><span class=\"s2\">Carboncella<\/span><span class=\"s2\">, <\/span><span class=\"s2\">Leccino<\/span><span class=\"s2\">, Raja und <\/span><span class=\"s2\">Frantoio<\/span><span class=\"s2\">. Ein Sch\u00f6ner Obstgarten, ein Gew\u00e4chshaus, Winter- und Sommerg\u00e4rten sowie H\u00fchner und Kaninchen, die auf dem Boden gehalten werden, tragen dazu bei, die Mahlzeiten f\u00fcr die Geste besonders<\/span><span class=\"s2\"> frisch und authentisch zu machen.<\/span><\/p>\n<ul>\n<li>Kuchen mit Eiern vom Hof<\/li>\n<li>Marmeladen ohne Konservierungsstoffe<\/li>\n<li>Gartenprodukte<\/li>\n<li>Oliven und Obst der Saison<\/li>\n<li>Natives Oliven\u00f6l extra<\/li>\n<\/ul>\n[\/vc_column_text][\/vc_column][\/vc_row][vc_row full_width=&#8221;stretch_row&#8221; parallax=&#8221;content-moving&#8221; css=&#8221;.vc_custom_1463238858127{background-image: url(http:\/\/www.santilariosulfarfa.com\/wp-content\/uploads\/2016\/05\/bg_Azienda.jpg?id=3429) !important;background-position: center;background-repeat: no-repeat;background-size: cover !important;}&#8221; el_class=&#8221;content-padding-mobile-none&#8221;][vc_column width=&#8221;2\/3&#8243; offset=&#8221;vc_col-sm-offset-2&#8243; el_class=&#8221;white-box content-padding-xs&#8221;][vc_images_carousel images=&#8221;9730,9726,10264&#8243; speed=&#8221;4000&#8243; css=&#8221;&#8221;][\/vc_column][\/vc_row][vc_row css=&#8221;.vc_custom_1463239512160{margin-bottom: -150px !important;}&#8221;][vc_column width=&#8221;1\/2&#8243;][vc_gallery images=&#8221;9611,9612&#8243; img_size=&#8221;medium&#8221; columns=&#8221;2&#8243; masonry=&#8221;fitRows&#8221;][\/vc_column][vc_column width=&#8221;1\/2&#8243;][vc_gallery images=&#8221;9613,9614&#8243; img_size=&#8221;medium&#8221; columns=&#8221;2&#8243; masonry=&#8221;fitRows&#8221;][\/vc_column][\/vc_row][vc_row][vc_column]<h2 class=\"text-center\"><small>Wo wollen Sie heute gehen?<\/small>Sehensw\u00fcrdigkeiten<\/h2><div class='services-carousel ' data-owl='{&quot;items&quot;:4,&quot;nav&quot;:false,&quot;navText&quot;:[],&quot;loop&quot;:true,&quot;autoplay&quot;:true,&quot;autoplayTimeout&quot;:2000,&quot;autoplayHoverPause&quot;:true,&quot;responsive&quot;:{&quot;0&quot;:{&quot;items&quot;:1,&quot;dots&quot;:false,&quot;nav&quot;:false},&quot;767&quot;:{&quot;items&quot;:4,&quot;dots&quot;:false},&quot;992&quot;:{&quot;items&quot;:4,&quot;dots&quot;:false}}}'><div class=\"item\">\n  <a href=\"http:\/\/www.santilariosulfarfa.com\/de\/die-farfa-abbey\/\" target=\"_self\" class=\"link-image\" title=\"Die Farfa Abbey\"><img loading=\"lazy\" decoding=\"async\" width=\"750\" height=\"404\" src=\"https:\/\/www.santilariosulfarfa.com\/wp-content\/uploads\/2014\/09\/pano_facciata-1024x552.jpg\" class=\"attachment-large size-large\" alt=\"\" srcset=\"https:\/\/www.santilariosulfarfa.com\/wp-content\/uploads\/2014\/09\/pano_facciata.jpg 1024w, https:\/\/www.santilariosulfarfa.com\/wp-content\/uploads\/2014\/09\/pano_facciata-300x162.jpg 300w, https:\/\/www.santilariosulfarfa.com\/wp-content\/uploads\/2014\/09\/pano_facciata-768x414.jpg 768w\" sizes=\"auto, (max-width: 750px) 100vw, 750px\" \/><\/a>      <div class=\"item-content\">\n      <h4><a href=\"http:\/\/www.santilariosulfarfa.com\/de\/die-farfa-abbey\/\" target=\"_self\" >Die Farfa Abbey<\/a><\/h4>      <p>Die Farfa Abbey ist eine der wichtigsten Denkm\u00e4ler des europ\u00e4ischen Mittelalters; Er hatte die Schirmherrschaft von Karl dem Gro\u00dfen und besa\u00df,<\/p>    <\/div>\n  <\/div>\n<div class=\"item\">\n  <a href=\"http:\/\/www.santilariosulfarfa.com\/de\/valle-sankt-rieti\/\" target=\"_self\" class=\"link-image\" title=\"Valle Sankt Rieti\"><img loading=\"lazy\" decoding=\"async\" width=\"750\" height=\"563\" src=\"https:\/\/www.santilariosulfarfa.com\/wp-content\/uploads\/2016\/05\/Valle-Santa-1024x768.jpg\" class=\"attachment-large size-large\" alt=\"\" srcset=\"https:\/\/www.santilariosulfarfa.com\/wp-content\/uploads\/2016\/05\/Valle-Santa.jpg 1024w, https:\/\/www.santilariosulfarfa.com\/wp-content\/uploads\/2016\/05\/Valle-Santa-300x225.jpg 300w, https:\/\/www.santilariosulfarfa.com\/wp-content\/uploads\/2016\/05\/Valle-Santa-768x576.jpg 768w\" sizes=\"auto, (max-width: 750px) 100vw, 750px\" \/><\/a>      <div class=\"item-content\">\n      <h4><a href=\"http:\/\/www.santilariosulfarfa.com\/de\/valle-sankt-rieti\/\" target=\"_self\" >Valle Sankt Rieti<\/a><\/h4>      <p>``Hat Francis geheiligt Assisi, seiner Heimatstadt, sondern leuchtete in der Provinz Rieti auf eine besondere Vorliebe und f\u00fcr die Pracht der vielen Wunder.``<\/p>    <\/div>\n  <\/div>\n<div class=\"item\">\n  <a href=\"http:\/\/www.santilariosulfarfa.com\/de\/reserve-von-seen\u2026-und-ripasottile\/\" target=\"_self\" class=\"link-image\" title=\"Reserve von Seen\"><img loading=\"lazy\" decoding=\"async\" width=\"750\" height=\"500\" src=\"https:\/\/www.santilariosulfarfa.com\/wp-content\/uploads\/2016\/05\/Riserva-laghi-lungo-e-ripasottile-1024x683.jpg\" class=\"attachment-large size-large\" alt=\"\" srcset=\"https:\/\/www.santilariosulfarfa.com\/wp-content\/uploads\/2016\/05\/Riserva-laghi-lungo-e-ripasottile-1024x683.jpg 1024w, https:\/\/www.santilariosulfarfa.com\/wp-content\/uploads\/2016\/05\/Riserva-laghi-lungo-e-ripasottile-300x200.jpg 300w, https:\/\/www.santilariosulfarfa.com\/wp-content\/uploads\/2016\/05\/Riserva-laghi-lungo-e-ripasottile-768x512.jpg 768w, https:\/\/www.santilariosulfarfa.com\/wp-content\/uploads\/2016\/05\/Riserva-laghi-lungo-e-ripasottile.jpg 1300w\" sizes=\"auto, (max-width: 750px) 100vw, 750px\" \/><\/a>      <div class=\"item-content\">\n      <h4><a href=\"http:\/\/www.santilariosulfarfa.com\/de\/reserve-von-seen\u2026-und-ripasottile\/\" target=\"_self\" >Reserve von Seen<\/a><\/h4>      <p>Die Wechself\u00e4lle des Gebiets, die in der Teilnaturschutzgebiet von Seen und entlang Ripasottile beziehen sich auf sehr entfernten Epoche.<\/p>    <\/div>\n  <\/div>\n<div class=\"item\">\n  <a href=\"http:\/\/www.santilariosulfarfa.com\/de\/naturschutzgebiet-tevere-farfa\/\" target=\"_self\" class=\"link-image\" title=\"Naturschutzgebiet Tevere Farfa\"><img loading=\"lazy\" decoding=\"async\" width=\"750\" height=\"483\" src=\"https:\/\/www.santilariosulfarfa.com\/wp-content\/uploads\/2016\/05\/image8-1024x660.jpg\" class=\"attachment-large size-large\" alt=\"\" srcset=\"https:\/\/www.santilariosulfarfa.com\/wp-content\/uploads\/2016\/05\/image8-1024x660.jpg 1024w, https:\/\/www.santilariosulfarfa.com\/wp-content\/uploads\/2016\/05\/image8-300x193.jpg 300w, https:\/\/www.santilariosulfarfa.com\/wp-content\/uploads\/2016\/05\/image8-768x495.jpg 768w, https:\/\/www.santilariosulfarfa.com\/wp-content\/uploads\/2016\/05\/image8.jpg 2048w\" sizes=\"auto, (max-width: 750px) 100vw, 750px\" \/><\/a>      <div class=\"item-content\">\n      <h4><a href=\"http:\/\/www.santilariosulfarfa.com\/de\/naturschutzgebiet-tevere-farfa\/\" target=\"_self\" >Naturschutzgebiet Tevere Farfa<\/a><\/h4>      <p>Zwischen 1953 und 1955 ENEL, f\u00fcr die Erzeugung von Elektrizit\u00e4t gebaut, eines Staudamms am Tiber, nur unterhalb des Zusammenflusses mit dem Fluss Farfa.<\/p>    <\/div>\n  <\/div>\n<div class=\"item\">\n  <a href=\"http:\/\/www.santilariosulfarfa.com\/de\/einsiedelei-von-san-cataldo\/\" target=\"_self\" class=\"link-image\" title=\"Einsiedelei von San Cataldo\"><img loading=\"lazy\" decoding=\"async\" width=\"750\" height=\"563\" src=\"https:\/\/www.santilariosulfarfa.com\/wp-content\/uploads\/2014\/09\/Eremo_di_San_Cataldo._Cottanello.jpg\" class=\"attachment-large size-large\" alt=\"\" srcset=\"https:\/\/www.santilariosulfarfa.com\/wp-content\/uploads\/2014\/09\/Eremo_di_San_Cataldo._Cottanello.jpg 1000w, https:\/\/www.santilariosulfarfa.com\/wp-content\/uploads\/2014\/09\/Eremo_di_San_Cataldo._Cottanello-300x225.jpg 300w, https:\/\/www.santilariosulfarfa.com\/wp-content\/uploads\/2014\/09\/Eremo_di_San_Cataldo._Cottanello-768x576.jpg 768w\" sizes=\"auto, (max-width: 750px) 100vw, 750px\" \/><\/a>      <div class=\"item-content\">\n      <h4><a href=\"http:\/\/www.santilariosulfarfa.com\/de\/einsiedelei-von-san-cataldo\/\" target=\"_self\" >Einsiedelei von San Cataldo<\/a><\/h4>      <p>Am Eingang des Dorfes, die charakteristische Einsiedelei von San Cataldo, in einem riesigen Granitfelsen eingesunken, dass es wie ein Dach bedeckt, \u00fcber tausend Jahre die kleine Gemeinschaft von Cottanello zu sch\u00fctzen.<\/p>    <\/div>\n  <\/div>\n<div class=\"item\">\n  <a href=\"http:\/\/www.santilariosulfarfa.com\/de\/wallfahrtskirche-santa-vittoria\/\" target=\"_self\" class=\"link-image\" title=\"Wallfahrtskirche Santa Vittoria\"><img loading=\"lazy\" decoding=\"async\" width=\"750\" height=\"381\" src=\"https:\/\/www.santilariosulfarfa.com\/wp-content\/uploads\/2016\/05\/header.jpg\" class=\"attachment-large size-large\" alt=\"\" srcset=\"https:\/\/www.santilariosulfarfa.com\/wp-content\/uploads\/2016\/05\/header.jpg 984w, https:\/\/www.santilariosulfarfa.com\/wp-content\/uploads\/2016\/05\/header-300x152.jpg 300w, https:\/\/www.santilariosulfarfa.com\/wp-content\/uploads\/2016\/05\/header-768x390.jpg 768w\" sizes=\"auto, (max-width: 750px) 100vw, 750px\" \/><\/a>      <div class=\"item-content\">\n      <h4><a href=\"http:\/\/www.santilariosulfarfa.com\/de\/wallfahrtskirche-santa-vittoria\/\" target=\"_self\" >Wallfahrtskirche Santa Vittoria<\/a><\/h4>      <p>Am Pfingstsonntag, Sonntag, 11. Mai 2008 wurde das Dorf von Monteleone Sabino beh\u00e4ngt den Abstieg des Heiligen Geistes zu feiern,<\/p>    <\/div>\n  <\/div>\n<div class=\"item\">\n  <a href=\"http:\/\/www.santilariosulfarfa.com\/de\/schrein-des-vescovio\/\" target=\"_self\" class=\"link-image\" title=\"Schrein des Vescovio\"><img loading=\"lazy\" decoding=\"async\" width=\"750\" height=\"352\" src=\"https:\/\/www.santilariosulfarfa.com\/wp-content\/uploads\/2016\/05\/santa-maria-di-vescovio-1024x480-1024x480.jpg\" class=\"attachment-large size-large\" alt=\"\" srcset=\"https:\/\/www.santilariosulfarfa.com\/wp-content\/uploads\/2016\/05\/santa-maria-di-vescovio-1024x480.jpg 1024w, https:\/\/www.santilariosulfarfa.com\/wp-content\/uploads\/2016\/05\/santa-maria-di-vescovio-1024x480-300x141.jpg 300w, https:\/\/www.santilariosulfarfa.com\/wp-content\/uploads\/2016\/05\/santa-maria-di-vescovio-1024x480-768x360.jpg 768w\" sizes=\"auto, (max-width: 750px) 100vw, 750px\" \/><\/a>      <div class=\"item-content\">\n      <h4><a href=\"http:\/\/www.santilariosulfarfa.com\/de\/schrein-des-vescovio\/\" target=\"_self\" >Schrein des Vescovio<\/a><\/h4>      <p>Der Schrein von Vescovio, zu den bekanntesten und wichtigsten Sehensw\u00fcrdigkeiten von Sabina, in der Gegend, wo sich einst die r\u00f6mische Stadt ``Forum Novum`` stand.<\/p>    <\/div>\n  <\/div>\n<div class=\"item\">\n  <a href=\"http:\/\/www.santilariosulfarfa.com\/de\/terminillo-berg\/\" target=\"_self\" class=\"link-image\" title=\"Terminillo berg\"><img loading=\"lazy\" decoding=\"async\" width=\"750\" height=\"500\" src=\"https:\/\/www.santilariosulfarfa.com\/wp-content\/uploads\/2014\/09\/5277078.jpg\" class=\"attachment-large size-large\" alt=\"\" srcset=\"https:\/\/www.santilariosulfarfa.com\/wp-content\/uploads\/2014\/09\/5277078.jpg 1000w, https:\/\/www.santilariosulfarfa.com\/wp-content\/uploads\/2014\/09\/5277078-300x200.jpg 300w, https:\/\/www.santilariosulfarfa.com\/wp-content\/uploads\/2014\/09\/5277078-768x511.jpg 768w\" sizes=\"auto, (max-width: 750px) 100vw, 750px\" \/><\/a>      <div class=\"item-content\">\n      <h4><a href=\"http:\/\/www.santilariosulfarfa.com\/de\/terminillo-berg\/\" target=\"_self\" >Terminillo berg<\/a><\/h4>      <p>Der Terminillo wurde nach einem Besuch von Benito Mussolini in den drei\u00dfig Jahren f\u00fcr Touristen ins Leben gerufen, dass er ``von der Sch\u00f6nheit des Gebirges beeindruckt.``<\/p>    <\/div>\n  <\/div>\n<div class=\"item\">\n  <a href=\"http:\/\/www.santilariosulfarfa.com\/de\/marmore-falls\/\" target=\"_self\" class=\"link-image\" title=\"Marmore falls\"><img loading=\"lazy\" decoding=\"async\" width=\"750\" height=\"579\" src=\"https:\/\/www.santilariosulfarfa.com\/wp-content\/uploads\/2016\/05\/cascata-1024x791.jpg\" class=\"attachment-large size-large\" alt=\"\" srcset=\"https:\/\/www.santilariosulfarfa.com\/wp-content\/uploads\/2016\/05\/cascata.jpg 1024w, https:\/\/www.santilariosulfarfa.com\/wp-content\/uploads\/2016\/05\/cascata-300x232.jpg 300w, https:\/\/www.santilariosulfarfa.com\/wp-content\/uploads\/2016\/05\/cascata-768x593.jpg 768w\" sizes=\"auto, (max-width: 750px) 100vw, 750px\" \/><\/a>      <div class=\"item-content\">\n      <h4><a href=\"http:\/\/www.santilariosulfarfa.com\/de\/marmore-falls\/\" target=\"_self\" >Marmore falls<\/a><\/h4>      <p>Marmore Falls ist eine kontrollierte Str\u00f6mung Wasserfall, zu den h\u00f6chsten in Europa, auf einer Fallh\u00f6he von 165 m verlassen, aufgeteilt in drei Spr\u00fcnge.<\/p>    <\/div>\n  <\/div>\n<\/div>[\/vc_column][\/vc_row][vc_row full_width=&#8221;stretch_row&#8221; parallax_layers=&#8221;yes&#8221; el_class=&#8221;content-padding-mobile-none&#8221; css=&#8221;.vc_custom_1463436246419{background-image: url(http:\/\/www.santilariosulfarfa.com\/wp-content\/uploads\/2016\/05\/bg_Azienda.jpg?id=3429) !important;}&#8221;][vc_column width=&#8221;2\/3&#8243; offset=&#8221;vc_col-sm-offset-2&#8243; el_class=&#8221;text-center white-box content-padding&#8221;][vc_column_text css=&#8221;&#8221;]\n<h2 style=\"text-align: center;\">Das sagen sie \u00fcber uns<\/h2>\n<pre class=\"ti-widget\"><template id=\"trustindex-tripadvisor-widget-html\"><div class=\" ti-widget  ti-trip ti-disable-font ti-show-rating-text ti-review-text-mode-readmore ti-content-align-center\" data-no-translation=\"true\" data-layout-id=\"36\" data-layout-category=\"slider\" data-set-id=\"soft\" data-pid=\"\" data-language=\"it\" data-close-locale=\"Vicino\" data-review-target-width=\"300\" data-css-version=\"2\" data-reply-by-locale=\"Risposta dal proprietario\" data-pager-autoplay-timeout=\"6\"> <div class=\"ti-widget-container ti-col-3\"> <div class=\"ti-reviews-container\"> <div class=\"ti-controls\"> <div class=\"ti-next\" aria-label=\"Prossima recensione\" role=\"button\"><\/div> <div class=\"ti-prev\" aria-label=\"Recensione precedente\" role=\"button\"><\/div> <\/div> <div class=\"ti-reviews-container-wrapper\">  <div data-empty=\"0\" class=\"ti-review-item source-Tripadvisor ti-image-layout-thumbnail\" data-id=\"cfcd208495d565ef66e7dff9f98764da\"> <div class=\"ti-inner\"> <div class=\"ti-review-header\"> <trustindex-image class=\"ti-platform-icon\" data-imgurl=\"https:\/\/cdn.trustindex.io\/assets\/platform\/Tripadvisor\/icon.svg\" alt=\"\" width=\"20\" height=\"20\" loading=\"lazy\"><\/trustindex-image> <div class=\"ti-profile-img\"> <trustindex-image data-imgurl=\"https:\/\/cdn.trustindex.io\/assets\/default-avatar\/noprofile-05.svg\" alt=\"Lipi55 profile picture\" loading=\"lazy\"><\/trustindex-image> <\/div> <div class=\"ti-profile-details\"> <div class=\"ti-name\"> Lipi55 <\/div> <div class=\"ti-date\">30 Ottobre 2025<\/div> <\/div> <\/div> <span class=\"ti-stars\"><trustindex-image class=\"ti-star\" data-imgurl=\"https:\/\/cdn.trustindex.io\/assets\/platform\/Tripadvisor\/star\/f.svg\" alt=\"Tripadvisor\" width=\"17\" height=\"17\" loading=\"lazy\"><\/trustindex-image><trustindex-image class=\"ti-star\" data-imgurl=\"https:\/\/cdn.trustindex.io\/assets\/platform\/Tripadvisor\/star\/f.svg\" alt=\"Tripadvisor\" width=\"17\" height=\"17\" loading=\"lazy\"><\/trustindex-image><trustindex-image class=\"ti-star\" data-imgurl=\"https:\/\/cdn.trustindex.io\/assets\/platform\/Tripadvisor\/star\/f.svg\" alt=\"Tripadvisor\" width=\"17\" height=\"17\" loading=\"lazy\"><\/trustindex-image><trustindex-image class=\"ti-star\" data-imgurl=\"https:\/\/cdn.trustindex.io\/assets\/platform\/Tripadvisor\/star\/f.svg\" alt=\"Tripadvisor\" width=\"17\" height=\"17\" loading=\"lazy\"><\/trustindex-image><trustindex-image class=\"ti-star\" data-imgurl=\"https:\/\/cdn.trustindex.io\/assets\/platform\/Tripadvisor\/star\/f.svg\" alt=\"Tripadvisor\" width=\"17\" height=\"17\" loading=\"lazy\"><\/trustindex-image><span class=\"ti-verified-review\"><span class=\"ti-verified-tooltip\">Verificata<\/span><\/span><\/span> <div class=\"ti-review-text-container ti-review-content\"><!-- R-CONTENT --><strong>Posto molto tranquillo<\/strong>\nPosto fantastico su una collinetta che domina l'incantevole paesaggio Piscina enorme e giardino circondato da ulivi.Susanna, amante degli animali, si \u00e8 prodigata in ogni modo per assicurarci un piacevole soggiorno Colazione pi\u00f9 che buona<!-- R-CONTENT --><\/div> <span class=\"ti-read-more\" data-container=\".ti-review-content\" data-collapse-text=\"Nascondere\" data-open-text=\"Leggi di pi\u00f9\"><\/span> <\/div> <\/div>  <div data-empty=\"0\" class=\"ti-review-item source-Tripadvisor ti-image-layout-thumbnail\" data-id=\"cfcd208495d565ef66e7dff9f98764da\"> <div class=\"ti-inner\"> <div class=\"ti-review-header\"> <trustindex-image class=\"ti-platform-icon\" data-imgurl=\"https:\/\/cdn.trustindex.io\/assets\/platform\/Tripadvisor\/icon.svg\" alt=\"\" width=\"20\" height=\"20\" loading=\"lazy\"><\/trustindex-image> <div class=\"ti-profile-img\"> <trustindex-image data-imgurl=\"https:\/\/media-cdn.tripadvisor.com\/media\/photo-o\/1a\/f6\/e5\/66\/default-avatar-2020-53.jpg\" alt=\"Giorgio A profile picture\" loading=\"lazy\"><\/trustindex-image> <\/div> <div class=\"ti-profile-details\"> <div class=\"ti-name\"> Giorgio A <\/div> <div class=\"ti-date\">18 Settembre 2025<\/div> <\/div> <\/div> <span class=\"ti-stars\"><trustindex-image class=\"ti-star\" data-imgurl=\"https:\/\/cdn.trustindex.io\/assets\/platform\/Tripadvisor\/star\/f.svg\" alt=\"Tripadvisor\" width=\"17\" height=\"17\" loading=\"lazy\"><\/trustindex-image><trustindex-image class=\"ti-star\" data-imgurl=\"https:\/\/cdn.trustindex.io\/assets\/platform\/Tripadvisor\/star\/f.svg\" alt=\"Tripadvisor\" width=\"17\" height=\"17\" loading=\"lazy\"><\/trustindex-image><trustindex-image class=\"ti-star\" data-imgurl=\"https:\/\/cdn.trustindex.io\/assets\/platform\/Tripadvisor\/star\/f.svg\" alt=\"Tripadvisor\" width=\"17\" height=\"17\" loading=\"lazy\"><\/trustindex-image><trustindex-image class=\"ti-star\" data-imgurl=\"https:\/\/cdn.trustindex.io\/assets\/platform\/Tripadvisor\/star\/f.svg\" alt=\"Tripadvisor\" width=\"17\" height=\"17\" loading=\"lazy\"><\/trustindex-image><trustindex-image class=\"ti-star\" data-imgurl=\"https:\/\/cdn.trustindex.io\/assets\/platform\/Tripadvisor\/star\/f.svg\" alt=\"Tripadvisor\" width=\"17\" height=\"17\" loading=\"lazy\"><\/trustindex-image><span class=\"ti-verified-review\"><span class=\"ti-verified-tooltip\">Verificata<\/span><\/span><\/span> <div class=\"ti-review-text-container ti-review-content\"><!-- R-CONTENT --><strong>Posto incantevole!<\/strong>\nAbbiamo soggiornato a settembre di quest'anno in questo splendido posto. Siamo stati benissimo. Personale cortese e sorridente. La proprietaria \u00e8 stata gentilissima e molto alla mano. La piscina pulita e tranquilla e le camere incantevoli. Un posto da favola. Ci torneremo sicuramente al pi\u00f9 presto.<!-- R-CONTENT --><\/div> <span class=\"ti-read-more\" data-container=\".ti-review-content\" data-collapse-text=\"Nascondere\" data-open-text=\"Leggi di pi\u00f9\"><\/span> <\/div> <\/div>  <div data-empty=\"0\" class=\"ti-review-item source-Tripadvisor ti-image-layout-thumbnail\" data-id=\"cfcd208495d565ef66e7dff9f98764da\"> <div class=\"ti-inner\"> <div class=\"ti-review-header\"> <trustindex-image class=\"ti-platform-icon\" data-imgurl=\"https:\/\/cdn.trustindex.io\/assets\/platform\/Tripadvisor\/icon.svg\" alt=\"\" width=\"20\" height=\"20\" loading=\"lazy\"><\/trustindex-image> <div class=\"ti-profile-img\"> <trustindex-image data-imgurl=\"https:\/\/media-cdn.tripadvisor.com\/media\/photo-o\/1a\/f6\/f1\/06\/default-avatar-2020-18.jpg\" alt=\"Maria Cristina G profile picture\" loading=\"lazy\"><\/trustindex-image> <\/div> <div class=\"ti-profile-details\"> <div class=\"ti-name\"> Maria Cristina G <\/div> <div class=\"ti-date\">26 Agosto 2025<\/div> <\/div> <\/div> <span class=\"ti-stars\"><trustindex-image class=\"ti-star\" data-imgurl=\"https:\/\/cdn.trustindex.io\/assets\/platform\/Tripadvisor\/star\/f.svg\" alt=\"Tripadvisor\" width=\"17\" height=\"17\" loading=\"lazy\"><\/trustindex-image><trustindex-image class=\"ti-star\" data-imgurl=\"https:\/\/cdn.trustindex.io\/assets\/platform\/Tripadvisor\/star\/f.svg\" alt=\"Tripadvisor\" width=\"17\" height=\"17\" loading=\"lazy\"><\/trustindex-image><trustindex-image class=\"ti-star\" data-imgurl=\"https:\/\/cdn.trustindex.io\/assets\/platform\/Tripadvisor\/star\/f.svg\" alt=\"Tripadvisor\" width=\"17\" height=\"17\" loading=\"lazy\"><\/trustindex-image><trustindex-image class=\"ti-star\" data-imgurl=\"https:\/\/cdn.trustindex.io\/assets\/platform\/Tripadvisor\/star\/f.svg\" alt=\"Tripadvisor\" width=\"17\" height=\"17\" loading=\"lazy\"><\/trustindex-image><trustindex-image class=\"ti-star\" data-imgurl=\"https:\/\/cdn.trustindex.io\/assets\/platform\/Tripadvisor\/star\/f.svg\" alt=\"Tripadvisor\" width=\"17\" height=\"17\" loading=\"lazy\"><\/trustindex-image><span class=\"ti-verified-review\"><span class=\"ti-verified-tooltip\">Verificata<\/span><\/span><\/span> <div class=\"ti-review-text-container ti-review-content\"><!-- R-CONTENT --><strong>Posto TOP!<\/strong>\nAvevo provato diverse volte a prenotare ma l'agriturismo era sempre pieno. La scorsa settimana finalmente abbiamo trovato posto e soggiornato per 3 notti. Un posto incantevole pulito curato pieno di verde super adatto al nostro cane che \u00e8 stato il benvenuto. La piscina anch'essa pulita \u00e8 un luogo dove potersi rilassare e rigenerare. Si pu\u00f2 scegliere di fare la mezza pensione (solo a cena) e la consiglio perch\u00e9 la cuoca \u00e8 bravissima e le porzioni abbondanti. Grazie ad Anka la cameriera pi\u00f9 simpatica e veloce del West ! La signora Susanna \u00e8 premurosa e gentile. Posto top!!!.. ci torneremo ...spero presto! Grazie signora Susanna!<!-- R-CONTENT --><\/div> <span class=\"ti-read-more\" data-container=\".ti-review-content\" data-collapse-text=\"Nascondere\" data-open-text=\"Leggi di pi\u00f9\"><\/span> <\/div> <\/div>  <div data-empty=\"0\" class=\"ti-review-item source-Tripadvisor ti-image-layout-thumbnail\" data-id=\"cfcd208495d565ef66e7dff9f98764da\"> <div class=\"ti-inner\"> <div class=\"ti-review-header\"> <trustindex-image class=\"ti-platform-icon\" data-imgurl=\"https:\/\/cdn.trustindex.io\/assets\/platform\/Tripadvisor\/icon.svg\" alt=\"\" width=\"20\" height=\"20\" loading=\"lazy\"><\/trustindex-image> <div class=\"ti-profile-img\"> <trustindex-image data-imgurl=\"https:\/\/media-cdn.tripadvisor.com\/media\/photo-o\/1a\/f6\/f2\/11\/default-avatar-2020-23.jpg\" alt=\"Ettore C profile picture\" loading=\"lazy\"><\/trustindex-image> <\/div> <div class=\"ti-profile-details\"> <div class=\"ti-name\"> Ettore C <\/div> <div class=\"ti-date\">19 Agosto 2025<\/div> <\/div> <\/div> <span class=\"ti-stars\"><trustindex-image class=\"ti-star\" data-imgurl=\"https:\/\/cdn.trustindex.io\/assets\/platform\/Tripadvisor\/star\/f.svg\" alt=\"Tripadvisor\" width=\"17\" height=\"17\" loading=\"lazy\"><\/trustindex-image><trustindex-image class=\"ti-star\" data-imgurl=\"https:\/\/cdn.trustindex.io\/assets\/platform\/Tripadvisor\/star\/f.svg\" alt=\"Tripadvisor\" width=\"17\" height=\"17\" loading=\"lazy\"><\/trustindex-image><trustindex-image class=\"ti-star\" data-imgurl=\"https:\/\/cdn.trustindex.io\/assets\/platform\/Tripadvisor\/star\/f.svg\" alt=\"Tripadvisor\" width=\"17\" height=\"17\" loading=\"lazy\"><\/trustindex-image><trustindex-image class=\"ti-star\" data-imgurl=\"https:\/\/cdn.trustindex.io\/assets\/platform\/Tripadvisor\/star\/f.svg\" alt=\"Tripadvisor\" width=\"17\" height=\"17\" loading=\"lazy\"><\/trustindex-image><trustindex-image class=\"ti-star\" data-imgurl=\"https:\/\/cdn.trustindex.io\/assets\/platform\/Tripadvisor\/star\/f.svg\" alt=\"Tripadvisor\" width=\"17\" height=\"17\" loading=\"lazy\"><\/trustindex-image><span class=\"ti-verified-review\"><span class=\"ti-verified-tooltip\">Verificata<\/span><\/span><\/span> <div class=\"ti-review-text-container ti-review-content\"><!-- R-CONTENT --><strong>Vacanza da ripetere.<\/strong>\nLocation incantevole e distensiva tra gli uliveti collinari della Sabina. Egregiamente e cordialmente gestito dalla proprietaria, Signora Susanna.Passati 10 giorni, in appartamento a mezza pensione, rilassanti tra nuotate in piscina e passeggiate. Nonch\u00e9 con escursioni in localit\u00e0 limitrofe. Giornate che si concludevano con deliziose cene sotto un pergolato da cui ammirare la vallata del Farfa e splendidi tramonti.<!-- R-CONTENT --><\/div> <span class=\"ti-read-more\" data-container=\".ti-review-content\" data-collapse-text=\"Nascondere\" data-open-text=\"Leggi di pi\u00f9\"><\/span> <\/div> <\/div>  <div data-empty=\"0\" class=\"ti-review-item source-Tripadvisor ti-image-layout-thumbnail\" data-id=\"cfcd208495d565ef66e7dff9f98764da\"> <div class=\"ti-inner\"> <div class=\"ti-review-header\"> <trustindex-image class=\"ti-platform-icon\" data-imgurl=\"https:\/\/cdn.trustindex.io\/assets\/platform\/Tripadvisor\/icon.svg\" alt=\"\" width=\"20\" height=\"20\" loading=\"lazy\"><\/trustindex-image> <div class=\"ti-profile-img\"> <trustindex-image data-imgurl=\"https:\/\/media-cdn.tripadvisor.com\/media\/photo-o\/1a\/f6\/77\/ae\/default-avatar-2020-2.jpg\" alt=\"Irene P profile picture\" loading=\"lazy\"><\/trustindex-image> <\/div> <div class=\"ti-profile-details\"> <div class=\"ti-name\"> Irene P <\/div> <div class=\"ti-date\">7 Agosto 2025<\/div> <\/div> <\/div> <span class=\"ti-stars\"><trustindex-image class=\"ti-star\" data-imgurl=\"https:\/\/cdn.trustindex.io\/assets\/platform\/Tripadvisor\/star\/f.svg\" alt=\"Tripadvisor\" width=\"17\" height=\"17\" loading=\"lazy\"><\/trustindex-image><trustindex-image class=\"ti-star\" data-imgurl=\"https:\/\/cdn.trustindex.io\/assets\/platform\/Tripadvisor\/star\/f.svg\" alt=\"Tripadvisor\" width=\"17\" height=\"17\" loading=\"lazy\"><\/trustindex-image><trustindex-image class=\"ti-star\" data-imgurl=\"https:\/\/cdn.trustindex.io\/assets\/platform\/Tripadvisor\/star\/f.svg\" alt=\"Tripadvisor\" width=\"17\" height=\"17\" loading=\"lazy\"><\/trustindex-image><trustindex-image class=\"ti-star\" data-imgurl=\"https:\/\/cdn.trustindex.io\/assets\/platform\/Tripadvisor\/star\/f.svg\" alt=\"Tripadvisor\" width=\"17\" height=\"17\" loading=\"lazy\"><\/trustindex-image><trustindex-image class=\"ti-star\" data-imgurl=\"https:\/\/cdn.trustindex.io\/assets\/platform\/Tripadvisor\/star\/f.svg\" alt=\"Tripadvisor\" width=\"17\" height=\"17\" loading=\"lazy\"><\/trustindex-image><span class=\"ti-verified-review\"><span class=\"ti-verified-tooltip\">Verificata<\/span><\/span><\/span> <div class=\"ti-review-text-container ti-review-content\"><!-- R-CONTENT --><strong>Luogo incantevole<\/strong>\nLuogo incantevole con una terrazza panoramica stupenda. Cucina ottima e abbondante. La proprietaria gentilissima e si \u00e8 resa addirittura disponibile per andare in farmacia per una necessit\u00e0 per il mio bambino. Piscina ben tenuta<!-- R-CONTENT --><\/div> <span class=\"ti-read-more\" data-container=\".ti-review-content\" data-collapse-text=\"Nascondere\" data-open-text=\"Leggi di pi\u00f9\"><\/span> <\/div> <\/div>  <div data-empty=\"0\" class=\"ti-review-item source-Tripadvisor ti-image-layout-thumbnail\" data-id=\"cfcd208495d565ef66e7dff9f98764da\"> <div class=\"ti-inner\"> <div class=\"ti-review-header\"> <trustindex-image class=\"ti-platform-icon\" data-imgurl=\"https:\/\/cdn.trustindex.io\/assets\/platform\/Tripadvisor\/icon.svg\" alt=\"\" width=\"20\" height=\"20\" loading=\"lazy\"><\/trustindex-image> <div class=\"ti-profile-img\"> <trustindex-image data-imgurl=\"https:\/\/media-cdn.tripadvisor.com\/media\/photo-o\/1a\/f6\/ef\/9c\/default-avatar-2020-14.jpg\" alt=\"Dream14409574773 profile picture\" loading=\"lazy\"><\/trustindex-image> <\/div> <div class=\"ti-profile-details\"> <div class=\"ti-name\"> Dream14409574773 <\/div> <div class=\"ti-date\">4 Agosto 2025<\/div> <\/div> <\/div> <span class=\"ti-stars\"><trustindex-image class=\"ti-star\" data-imgurl=\"https:\/\/cdn.trustindex.io\/assets\/platform\/Tripadvisor\/star\/f.svg\" alt=\"Tripadvisor\" width=\"17\" height=\"17\" loading=\"lazy\"><\/trustindex-image><trustindex-image class=\"ti-star\" data-imgurl=\"https:\/\/cdn.trustindex.io\/assets\/platform\/Tripadvisor\/star\/f.svg\" alt=\"Tripadvisor\" width=\"17\" height=\"17\" loading=\"lazy\"><\/trustindex-image><trustindex-image class=\"ti-star\" data-imgurl=\"https:\/\/cdn.trustindex.io\/assets\/platform\/Tripadvisor\/star\/f.svg\" alt=\"Tripadvisor\" width=\"17\" height=\"17\" loading=\"lazy\"><\/trustindex-image><trustindex-image class=\"ti-star\" data-imgurl=\"https:\/\/cdn.trustindex.io\/assets\/platform\/Tripadvisor\/star\/f.svg\" alt=\"Tripadvisor\" width=\"17\" height=\"17\" loading=\"lazy\"><\/trustindex-image><trustindex-image class=\"ti-star\" data-imgurl=\"https:\/\/cdn.trustindex.io\/assets\/platform\/Tripadvisor\/star\/f.svg\" alt=\"Tripadvisor\" width=\"17\" height=\"17\" loading=\"lazy\"><\/trustindex-image><span class=\"ti-verified-review\"><span class=\"ti-verified-tooltip\">Verificata<\/span><\/span><\/span> <div class=\"ti-review-text-container ti-review-content\"><!-- R-CONTENT --><strong>Een prachtige plek om zeker nog eens terug te komen.<\/strong>\nBeste Susanna en Franco, wat hebben wij een fantastische vakantie bij jullie mogen beleven. We hebben met ons gezin genoten van jullie prachtige omgeving en accommodatie, het is ons aan niks tekort gekomen. Susanna die ons dagelijks verse tomaten en andere groenten gaf uit haar eigen moestuin. Heerlijke apperitivo voor ons bereidde, het was in \u00e9\u00e9n woord fantastisch! Prachtige vergezichten, zonsondergang en een prachtig terras waar we heerlijk konden ontbijten en dineren. Ook een geweldig mooi zwembad is aanwezig. Dit is een plek waar we zeer zeker terug zullen komen, Susanna dankjewel voor je gastvrijheid en warme welkom.<!-- R-CONTENT --><\/div> <span class=\"ti-read-more\" data-container=\".ti-review-content\" data-collapse-text=\"Nascondere\" data-open-text=\"Leggi di pi\u00f9\"><\/span> <\/div> <\/div>  <div data-empty=\"0\" class=\"ti-review-item source-Tripadvisor ti-image-layout-thumbnail\" data-id=\"cfcd208495d565ef66e7dff9f98764da\"> <div class=\"ti-inner\"> <div class=\"ti-review-header\"> <trustindex-image class=\"ti-platform-icon\" data-imgurl=\"https:\/\/cdn.trustindex.io\/assets\/platform\/Tripadvisor\/icon.svg\" alt=\"\" width=\"20\" height=\"20\" loading=\"lazy\"><\/trustindex-image> <div class=\"ti-profile-img\"> <trustindex-image data-imgurl=\"https:\/\/media-cdn.tripadvisor.com\/media\/photo-o\/1a\/f6\/e9\/60\/default-avatar-2020-64.jpg\" alt=\"Emanuela S profile picture\" loading=\"lazy\"><\/trustindex-image> <\/div> <div class=\"ti-profile-details\"> <div class=\"ti-name\"> Emanuela S <\/div> <div class=\"ti-date\">2 Giugno 2025<\/div> <\/div> <\/div> <span class=\"ti-stars\"><trustindex-image class=\"ti-star\" data-imgurl=\"https:\/\/cdn.trustindex.io\/assets\/platform\/Tripadvisor\/star\/f.svg\" alt=\"Tripadvisor\" width=\"17\" height=\"17\" loading=\"lazy\"><\/trustindex-image><trustindex-image class=\"ti-star\" data-imgurl=\"https:\/\/cdn.trustindex.io\/assets\/platform\/Tripadvisor\/star\/f.svg\" alt=\"Tripadvisor\" width=\"17\" height=\"17\" loading=\"lazy\"><\/trustindex-image><trustindex-image class=\"ti-star\" data-imgurl=\"https:\/\/cdn.trustindex.io\/assets\/platform\/Tripadvisor\/star\/f.svg\" alt=\"Tripadvisor\" width=\"17\" height=\"17\" loading=\"lazy\"><\/trustindex-image><trustindex-image class=\"ti-star\" data-imgurl=\"https:\/\/cdn.trustindex.io\/assets\/platform\/Tripadvisor\/star\/f.svg\" alt=\"Tripadvisor\" width=\"17\" height=\"17\" loading=\"lazy\"><\/trustindex-image><trustindex-image class=\"ti-star\" data-imgurl=\"https:\/\/cdn.trustindex.io\/assets\/platform\/Tripadvisor\/star\/f.svg\" alt=\"Tripadvisor\" width=\"17\" height=\"17\" loading=\"lazy\"><\/trustindex-image><span class=\"ti-verified-review\"><span class=\"ti-verified-tooltip\">Verificata<\/span><\/span><\/span> <div class=\"ti-review-text-container ti-review-content\"><!-- R-CONTENT --><strong>Relax in Sabina<\/strong>\nAgriturismo in posizione splendida con una vista spettacolare sulla vallata del fiume Farfa. Tutta la struttura \u00e8 molto curata, compresa la piscina. La cena tutta fatta in casa ha ricordato i sapori autentici di una volta. La signora Susanna molto accogliente e disponibile. Consigliato!<!-- R-CONTENT --><\/div> <span class=\"ti-read-more\" data-container=\".ti-review-content\" data-collapse-text=\"Nascondere\" data-open-text=\"Leggi di pi\u00f9\"><\/span> <\/div> <\/div>  <div data-empty=\"0\" class=\"ti-review-item source-Tripadvisor ti-image-layout-thumbnail\" data-id=\"cfcd208495d565ef66e7dff9f98764da\"> <div class=\"ti-inner\"> <div class=\"ti-review-header\"> <trustindex-image class=\"ti-platform-icon\" data-imgurl=\"https:\/\/cdn.trustindex.io\/assets\/platform\/Tripadvisor\/icon.svg\" alt=\"\" width=\"20\" height=\"20\" loading=\"lazy\"><\/trustindex-image> <div class=\"ti-profile-img\"> <trustindex-image data-imgurl=\"https:\/\/media-cdn.tripadvisor.com\/media\/photo-o\/1a\/f6\/e7\/3d\/default-avatar-2020-55.jpg\" alt=\"Helen R profile picture\" loading=\"lazy\"><\/trustindex-image> <\/div> <div class=\"ti-profile-details\"> <div class=\"ti-name\"> Helen R <\/div> <div class=\"ti-date\">18 Maggio 2025<\/div> <\/div> <\/div> <span class=\"ti-stars\"><trustindex-image class=\"ti-star\" data-imgurl=\"https:\/\/cdn.trustindex.io\/assets\/platform\/Tripadvisor\/star\/f.svg\" alt=\"Tripadvisor\" width=\"17\" height=\"17\" loading=\"lazy\"><\/trustindex-image><trustindex-image class=\"ti-star\" data-imgurl=\"https:\/\/cdn.trustindex.io\/assets\/platform\/Tripadvisor\/star\/f.svg\" alt=\"Tripadvisor\" width=\"17\" height=\"17\" loading=\"lazy\"><\/trustindex-image><trustindex-image class=\"ti-star\" data-imgurl=\"https:\/\/cdn.trustindex.io\/assets\/platform\/Tripadvisor\/star\/f.svg\" alt=\"Tripadvisor\" width=\"17\" height=\"17\" loading=\"lazy\"><\/trustindex-image><trustindex-image class=\"ti-star\" data-imgurl=\"https:\/\/cdn.trustindex.io\/assets\/platform\/Tripadvisor\/star\/f.svg\" alt=\"Tripadvisor\" width=\"17\" height=\"17\" loading=\"lazy\"><\/trustindex-image><trustindex-image class=\"ti-star\" data-imgurl=\"https:\/\/cdn.trustindex.io\/assets\/platform\/Tripadvisor\/star\/f.svg\" alt=\"Tripadvisor\" width=\"17\" height=\"17\" loading=\"lazy\"><\/trustindex-image><span class=\"ti-verified-review\"><span class=\"ti-verified-tooltip\">Verificata<\/span><\/span><\/span> <div class=\"ti-review-text-container ti-review-content\"><!-- R-CONTENT --><strong>100 % Empfehlung ! 100 % recommanded !<\/strong>\nEin wundersch\u00f6ner Ort! Traumhafte Landschaft, gr\u00fcne &amp; gepflegte Anlage und eine sehr hilfsbereiche Besitzerin. Susanna steht immer mit Rat und Tat zur Seite, kennt die besten Ausflugtipps, die besten Restaurants in der N\u00e4he und unterst\u00fctzt wo sie nur kann. Eine ruhige Oase nur 1 Stunde von Rom entfernt. Tausend Dank f\u00fcr den wundersch\u00f6nen Aufenthalt! A wonderful place! Fantastic landscape, green and well-kept grounds and a very helpful owner. Susanna is always on hand with help and advice, knows the best tips for excursions, the best restaurants in the neighbourhood and provides support wherever she can. Lovely spot just 1 hour from Rome. We highly recommande this peaceful place ! \ud83e\udd70<!-- R-CONTENT --><\/div> <span class=\"ti-read-more\" data-container=\".ti-review-content\" data-collapse-text=\"Nascondere\" data-open-text=\"Leggi di pi\u00f9\"><\/span> <\/div> <\/div>  <div data-empty=\"0\" class=\"ti-review-item source-Tripadvisor ti-image-layout-thumbnail\" data-id=\"cfcd208495d565ef66e7dff9f98764da\"> <div class=\"ti-inner\"> <div class=\"ti-review-header\"> <trustindex-image class=\"ti-platform-icon\" data-imgurl=\"https:\/\/cdn.trustindex.io\/assets\/platform\/Tripadvisor\/icon.svg\" alt=\"\" width=\"20\" height=\"20\" loading=\"lazy\"><\/trustindex-image> <div class=\"ti-profile-img\"> <trustindex-image data-imgurl=\"https:\/\/media-cdn.tripadvisor.com\/media\/photo-o\/1a\/f6\/f2\/7a\/default-avatar-2020-25.jpg\" alt=\"francesca t profile picture\" loading=\"lazy\"><\/trustindex-image> <\/div> <div class=\"ti-profile-details\"> <div class=\"ti-name\"> francesca t <\/div> <div class=\"ti-date\">9 Ottobre 2024<\/div> <\/div> <\/div> <span class=\"ti-stars\"><trustindex-image class=\"ti-star\" data-imgurl=\"https:\/\/cdn.trustindex.io\/assets\/platform\/Tripadvisor\/star\/f.svg\" alt=\"Tripadvisor\" width=\"17\" height=\"17\" loading=\"lazy\"><\/trustindex-image><trustindex-image class=\"ti-star\" data-imgurl=\"https:\/\/cdn.trustindex.io\/assets\/platform\/Tripadvisor\/star\/f.svg\" alt=\"Tripadvisor\" width=\"17\" height=\"17\" loading=\"lazy\"><\/trustindex-image><trustindex-image class=\"ti-star\" data-imgurl=\"https:\/\/cdn.trustindex.io\/assets\/platform\/Tripadvisor\/star\/f.svg\" alt=\"Tripadvisor\" width=\"17\" height=\"17\" loading=\"lazy\"><\/trustindex-image><trustindex-image class=\"ti-star\" data-imgurl=\"https:\/\/cdn.trustindex.io\/assets\/platform\/Tripadvisor\/star\/f.svg\" alt=\"Tripadvisor\" width=\"17\" height=\"17\" loading=\"lazy\"><\/trustindex-image><trustindex-image class=\"ti-star\" data-imgurl=\"https:\/\/cdn.trustindex.io\/assets\/platform\/Tripadvisor\/star\/f.svg\" alt=\"Tripadvisor\" width=\"17\" height=\"17\" loading=\"lazy\"><\/trustindex-image><span class=\"ti-verified-review\"><span class=\"ti-verified-tooltip\">Verificata<\/span><\/span><\/span> <div class=\"ti-review-text-container ti-review-content\"><!-- R-CONTENT --><strong>Un soggiorno indimenticabile<\/strong>\nOltre alla bellezza del luogo e alla professionalit\u00e0 dell\u2019accoglienza, c\u2019\u00e8 da apprezzare la squisita gentilezza della signora Susanna. Un soggiorno fuori dalle rotte pi\u00f9 battute dai turisti , un\u2019esperienza indimenticabile per coppie, famiglie, gruppi di amici e persone sole<!-- R-CONTENT --><\/div> <span class=\"ti-read-more\" data-container=\".ti-review-content\" data-collapse-text=\"Nascondere\" data-open-text=\"Leggi di pi\u00f9\"><\/span> <\/div> <\/div>  <div data-empty=\"0\" class=\"ti-review-item source-Tripadvisor ti-image-layout-thumbnail\" data-id=\"cfcd208495d565ef66e7dff9f98764da\"> <div class=\"ti-inner\"> <div class=\"ti-review-header\"> <trustindex-image class=\"ti-platform-icon\" data-imgurl=\"https:\/\/cdn.trustindex.io\/assets\/platform\/Tripadvisor\/icon.svg\" alt=\"\" width=\"20\" height=\"20\" loading=\"lazy\"><\/trustindex-image> <div class=\"ti-profile-img\"> <trustindex-image data-imgurl=\"https:\/\/media-cdn.tripadvisor.com\/media\/photo-o\/1a\/f6\/eb\/6d\/default-avatar-2020-19.jpg\" alt=\"Trek59295656967 profile picture\" loading=\"lazy\"><\/trustindex-image> <\/div> <div class=\"ti-profile-details\"> <div class=\"ti-name\"> Trek59295656967 <\/div> <div class=\"ti-date\">29 Settembre 2024<\/div> <\/div> <\/div> <span class=\"ti-stars\"><trustindex-image class=\"ti-star\" data-imgurl=\"https:\/\/cdn.trustindex.io\/assets\/platform\/Tripadvisor\/star\/f.svg\" alt=\"Tripadvisor\" width=\"17\" height=\"17\" loading=\"lazy\"><\/trustindex-image><trustindex-image class=\"ti-star\" data-imgurl=\"https:\/\/cdn.trustindex.io\/assets\/platform\/Tripadvisor\/star\/f.svg\" alt=\"Tripadvisor\" width=\"17\" height=\"17\" loading=\"lazy\"><\/trustindex-image><trustindex-image class=\"ti-star\" data-imgurl=\"https:\/\/cdn.trustindex.io\/assets\/platform\/Tripadvisor\/star\/f.svg\" alt=\"Tripadvisor\" width=\"17\" height=\"17\" loading=\"lazy\"><\/trustindex-image><trustindex-image class=\"ti-star\" data-imgurl=\"https:\/\/cdn.trustindex.io\/assets\/platform\/Tripadvisor\/star\/f.svg\" alt=\"Tripadvisor\" width=\"17\" height=\"17\" loading=\"lazy\"><\/trustindex-image><trustindex-image class=\"ti-star\" data-imgurl=\"https:\/\/cdn.trustindex.io\/assets\/platform\/Tripadvisor\/star\/f.svg\" alt=\"Tripadvisor\" width=\"17\" height=\"17\" loading=\"lazy\"><\/trustindex-image><span class=\"ti-verified-review\"><span class=\"ti-verified-tooltip\">Verificata<\/span><\/span><\/span> <div class=\"ti-review-text-container ti-review-content\"><!-- R-CONTENT --><strong>La scoperta di un posto meraviglioso<\/strong>\nL'agriturismo Sant'Ilario \u00e8 un posto bellissimo, immerso nel verde e gode di un panorama unico e suggestivo! A pochi passi da Roma \u00e8 molto semplice e veloce arrivare! I proprietari sono molto accoglienti, gentilissimi e davvero disponibili per ogni necessit\u00e0 extra! Abbiamo trascorso un fine settimana bellissimo, immersi nella pace, tranquillit\u00e0 e ospitalit\u00e0!! Abbiamo mangiato cibi squisiti, preparati al momento con pasta casareccia e verdure di loro produzione! Una vera prelibatezza!! Ritorneremo sicuramente!!!<!-- R-CONTENT --><\/div> <span class=\"ti-read-more\" data-container=\".ti-review-content\" data-collapse-text=\"Nascondere\" data-open-text=\"Leggi di pi\u00f9\"><\/span> <\/div> <\/div>  <\/div> <div class=\"ti-controls-line\"> <div class=\"dot\"><\/div> <\/div> <\/div> <div class=\"ti-footer\"> <div class=\"ti-rating-text\"> <span class=\"nowrap\">Valutazione complessiva <strong>Tripadvisor<\/strong> <\/span><span class=\"nowrap\"><strong>4.6<\/strong> su 5, <\/span><span class=\"nowrap\">in base a <strong>206 recensioni<\/strong><\/span> <\/div> <\/div>   <\/div> <\/div> <\/template><\/pre><div data-src=\"https:\/\/cdn.trustindex.io\/loader.js?wp-widget\" data-template-id=\"trustindex-tripadvisor-widget-html\" data-css-url=\"https:\/\/www.santilariosulfarfa.com\/wp-content\/uploads\/trustindex-tripadvisor-widget.css?1764065908\"><\/div>[\/vc_column_text][\/vc_column][\/vc_row]\n<\/div>","protected":false},"excerpt":{"rendered":"<p>[vc_row][vc_column width=&#8221;1\/2&#8243;][vc_column_text css=&#8221;&#8221;] Der Hof Sant\u2019Ilario sul Farfa ist ein 10 Hektar gro\u00dfes Landgut, das auf einem malerischen H\u00fcgel in [&hellip;]<\/p>\n","protected":false},"author":1,"featured_media":0,"parent":0,"menu_order":0,"comment_status":"closed","ping_status":"closed","template":"","meta":{"footnotes":""},"class_list":["post-3934","page","type-page","status-publish","hentry"],"_links":{"self":[{"href":"https:\/\/www.santilariosulfarfa.com\/de\/wp-json\/wp\/v2\/pages\/3934","targetHints":{"allow":["GET"]}}],"collection":[{"href":"https:\/\/www.santilariosulfarfa.com\/de\/wp-json\/wp\/v2\/pages"}],"about":[{"href":"https:\/\/www.santilariosulfarfa.com\/de\/wp-json\/wp\/v2\/types\/page"}],"author":[{"embeddable":true,"href":"https:\/\/www.santilariosulfarfa.com\/de\/wp-json\/wp\/v2\/users\/1"}],"replies":[{"embeddable":true,"href":"https:\/\/www.santilariosulfarfa.com\/de\/wp-json\/wp\/v2\/comments?post=3934"}],"version-history":[{"count":11,"href":"https:\/\/www.santilariosulfarfa.com\/de\/wp-json\/wp\/v2\/pages\/3934\/revisions"}],"predecessor-version":[{"id":10536,"href":"https:\/\/www.santilariosulfarfa.com\/de\/wp-json\/wp\/v2\/pages\/3934\/revisions\/10536"}],"wp:attachment":[{"href":"https:\/\/www.santilariosulfarfa.com\/de\/wp-json\/wp\/v2\/media?parent=3934"}],"curies":[{"name":"wp","href":"https:\/\/api.w.org\/{rel}","templated":true}]}}